{"id":9137,"date":"2023-11-10T14:16:26","date_gmt":"2023-11-10T13:16:26","guid":{"rendered":"https:\/\/edicionesdelantal.es\/?page_id=9137"},"modified":"2026-04-27T12:58:42","modified_gmt":"2026-04-27T10:58:42","slug":"lavidaenmusica","status":"publish","type":"page","link":"https:\/\/edicionesdelantal.es\/en\/lavidaenmusica\/","title":{"rendered":"LaVidaenM\u00fasica"},"content":{"rendered":"\n<div id=\"cabecera-lvem\" class=\"wp-block-group is-vertical is-content-justification-center is-layout-flex wp-container-core-group-is-layout-b9161e5e wp-block-group-is-layout-flex has-background\" style=\"min-height:640px;margin-top:0;margin-bottom:0;padding-right:0;padding-left:0;background-image:url(&apos;https:\/\/edicionesdelantal.es\/wp-content\/uploads\/2024\/10\/eddelantal-home-lvem.png&apos;);background-position:0% 0%;background-repeat:no-repeat;background-size:contain;\">\n<div class=\"wp-block-group has-global-padding is-content-justification-right is-layout-constrained wp-container-core-group-is-layout-e9731b7a wp-block-group-is-layout-constrained\">\n<h1 class=\"wp-block-heading has-text-align-center is-style-default has-custom-ed-gray-500-color has-text-color has-link-color has-courier-new-font-family has-large-font-size wp-elements-283dca701205536065d553966fdff19a\" id=\"lavidaenmusica\" style=\"margin-top:var(--wp--preset--spacing--50);margin-bottom:0;font-style:normal;font-weight:700\">LaVidaenM\u00fasica<\/h1>\n\n\n\n<p class=\"has-text-align-center is-style-ed_encabezado_linea has-custom-ed-gray-500-color has-text-color has-link-color has-courier-new-font-family wp-elements-c7d1a23a529a2354cb75ac2e190ce6c1\" style=\"font-size:1.5rem;font-style:normal;font-weight:700\">community of musical thought<\/p>\n\n\n\n<p><font dir=\"auto\" style=\"vertical-align: inherit;\"><font dir=\"auto\" style=\"vertical-align: inherit;\">LaVidaenM\u00fasica es una comunidad de pensamiento musical, un lugar donde seres curiosos de todo el planeta se re\u00fanen para aprender, tocar y cocrear un mundo que queremos habitar. Un grupo humano formado por personas que apoyan el arte, la belleza y la cultura, porque les nutren, porque las disfrutan. En nuestro fanzine encontrar\u00e1s art\u00edculos, entrevistas, lecciones de m\u00fasica y obras de arte. \u00a1Adelante!<\/font><\/font><\/p>\n\n\n\n<div class=\"wp-block-buttons is-content-justification-center is-layout-flex wp-container-core-buttons-is-layout-a89b3969 wp-block-buttons-is-layout-flex\">\n<div class=\"wp-block-button\"><a class=\"wp-block-button__link wp-element-button\" href=\"https:\/\/edicionesdelantal.es\/en\/unete-a-altavoz\/\"><strong><strong><strong>Join AltaVoz<\/strong><\/strong><\/strong>!<\/a><\/div>\n\n\n<\/div>\n<\/div>\n<\/div>\n\n\n\n<div id=\"secciones-levm\" class=\"wp-block-group has-global-padding is-layout-constrained wp-container-core-group-is-layout-530ec779 wp-block-group-is-layout-constrained\">\n<div class=\"wp-block-group is-content-justification-center is-layout-flex wp-container-core-group-is-layout-f9c9bfe3 wp-block-group-is-layout-flex\">\n<div class=\"wp-block-group wp-container-content-231d8afb has-global-padding is-layout-constrained wp-container-core-group-is-layout-7dfade5b wp-block-group-is-layout-constrained\" style=\"margin-top:0;margin-bottom:0;padding-top:0;padding-right:0;padding-bottom:0;padding-left:0\">\n<div class=\"wp-block-group is-vertical is-layout-flex wp-container-core-group-is-layout-e2997642 wp-block-group-is-layout-flex has-background\" style=\"min-height:320px;margin-top:0;padding-right:0;padding-left:0;background-image:url(&apos;https:\/\/edicionesdelantal.es\/wp-content\/uploads\/2024\/10\/eddelantal-img-altavoz.jpg&apos;);background-position:100% 0%;background-repeat:no-repeat;background-size:75%;\">\n<h2 class=\"wp-block-heading has-custom-ed-blue-800-color has-text-color has-link-color has-courier-new-font-family wp-elements-06ea08ae87ed7d16b28223e94bb5e5eb\" id=\"altavoz\" style=\"font-style:normal;font-weight:700\"><a href=\"https:\/\/edicionesdelantal.es\/en\/category\/altavoz-en\/\">AltaVoz<\/a><\/h2>\n\n\n\n<p style=\"line-height:1.6\">Fanzine of EdicionesDelantal.<br>Updating us with cultural happenings!<\/p>\n<\/div>\n\n\n\n<div style=\"height:48px\" aria-hidden=\"true\" class=\"wp-block-spacer is-style-ed_spacer_escritorio\"><\/div>\n\n\n\n<div class=\"wp-block-group is-vertical is-layout-flex wp-container-core-group-is-layout-93c25ed1 wp-block-group-is-layout-flex has-background\" style=\"min-height:320px;margin-top:0;padding-right:0;padding-left:0;background-image:url(&apos;https:\/\/edicionesdelantal.es\/wp-content\/uploads\/2024\/11\/eddelantal-img-artesonias-3.jpg&apos;);background-position:100% 100%;background-repeat:no-repeat;background-size:40%;\">\n<h2 class=\"wp-block-heading has-custom-ed-green-800-color has-text-color has-link-color has-courier-new-font-family wp-elements-1f5f67ce068bf3122b88686333038b75\" id=\"chronicles\" style=\"font-style:normal;font-weight:700\"><a href=\"https:\/\/edicionesdelantal.es\/en\/category\/chronicles\/\">Chronicles<\/a><\/h2>\n\n\n\n<p style=\"line-height:1.6\">Adventures and dis-ventures<br>of a traveller composer.<\/p>\n<\/div>\n\n\n\n<div style=\"height:48px\" aria-hidden=\"true\" class=\"wp-block-spacer is-style-ed_spacer_escritorio\"><\/div>\n\n\n\n<div class=\"wp-block-group is-vertical is-layout-flex wp-container-core-group-is-layout-0da19b28 wp-block-group-is-layout-flex has-background\" style=\"min-height:320px;margin-top:0;padding-right:0;padding-left:0;background-image:url(&apos;https:\/\/edicionesdelantal.es\/wp-content\/uploads\/2023\/10\/laguitarradesofia-categoria-3.jpg&apos;);background-position:100% 100%;background-repeat:no-repeat;background-size:contain;\">\n<h2 class=\"wp-block-heading has-custom-ed-turquoise-400-color has-text-color has-link-color has-courier-new-font-family wp-elements-5e035a9e002a1eb8c08f784d07023cf0\" id=\"laguitarradesofia\" style=\"font-style:normal;font-weight:700\"><a href=\"https:\/\/edicionesdelantal.es\/en\/category\/laguitarradesofia-en\/\">LaGuitarradeSof\u00eda<\/a><\/h2>\n\n\n\n<p style=\"line-height:1.6\">Learn music and free yourself.<\/p>\n<\/div>\n\n\n\n<div style=\"height:48px\" aria-hidden=\"true\" class=\"wp-block-spacer is-style-ed_spacer_escritorio\"><\/div>\n\n\n\n<div class=\"wp-block-group is-vertical is-layout-flex wp-container-core-group-is-layout-e2997642 wp-block-group-is-layout-flex has-background\" style=\"min-height:272px;margin-top:0;padding-right:0;padding-left:0;background-image:url(&apos;https:\/\/edicionesdelantal.es\/wp-content\/uploads\/2024\/10\/eddelantal-img-universolpel.jpg&apos;);background-position:100% 100%;background-repeat:no-repeat;background-size:contain;\">\n<h2 class=\"wp-block-heading has-custom-ed-purple-600-color has-text-color has-link-color has-courier-new-font-family wp-elements-ddb0e5998ac96228832f1d06f98f0243\" id=\"universopel\" style=\"font-style:normal;font-weight:700\"><a href=\"https:\/\/edicionesdelantal.es\/en\/category\/universopel-en\/\">UniversoPel<\/a><\/h2>\n\n\n\n<p style=\"line-height:1.6\">D\u00faa da Pel&#8217;s worlds.<\/p>\n<\/div>\n<\/div>\n\n\n\n<div class=\"wp-block-group wp-container-content-231d8afb has-global-padding is-content-justification-center is-layout-constrained wp-container-core-group-is-layout-2624fac6 wp-block-group-is-layout-constrained\" style=\"margin-top:0;margin-bottom:0;padding-top:0;padding-right:0;padding-bottom:0;padding-left:0\">\n<div style=\"height:192px\" aria-hidden=\"true\" class=\"wp-block-spacer is-style-ed_spacer_escritorio\"><\/div>\n\n\n\n<div class=\"wp-block-group has-global-padding is-content-justification-center is-layout-constrained wp-container-core-group-is-layout-4693e76f wp-block-group-is-layout-constrained has-background\" style=\"min-height:260px;background-image:url(&apos;https:\/\/edicionesdelantal.es\/wp-content\/uploads\/2023\/10\/Palanca-Categoria-1.jpg&apos;);background-position:100% 100%;background-repeat:no-repeat;background-size:contain;\">\n<h2 class=\"wp-block-heading has-custom-ed-red-800-color has-text-color has-link-color has-courier-new-font-family wp-elements-43bb9df3b3fec2704d452c6aae42ede9\" id=\"palanca\" style=\"font-style:normal;font-weight:700\"><a href=\"https:\/\/edicionesdelantal.es\/en\/category\/palanca-en\/\">Palanca<\/a><\/h2>\n\n\n\n<p style=\"line-height:1.6\">Interviews to<br>fascinating people.<\/p>\n\n\n\n<p style=\"line-height:1.6\"><\/p>\n\n\n\n<div style=\"height:48px\" aria-hidden=\"true\" class=\"wp-block-spacer\"><\/div>\n<\/div>\n\n\n\n<div style=\"height:48px\" aria-hidden=\"true\" class=\"wp-block-spacer is-style-ed_spacer_escritorio\"><\/div>\n\n\n\n<div class=\"wp-block-group has-global-padding is-content-justification-center is-layout-constrained wp-container-core-group-is-layout-4693e76f wp-block-group-is-layout-constrained has-background\" style=\"min-height:320px;background-image:url(&apos;https:\/\/edicionesdelantal.es\/wp-content\/uploads\/2024\/10\/eddelantal-img-vidadeobras.jpg&apos;);background-position:100% 100%;background-repeat:no-repeat;background-size:contain;\">\n<h2 class=\"wp-block-heading has-custom-ed-green-400-color has-text-color has-link-color has-courier-new-font-family wp-elements-df686e5d01d0b89e6e1d2f83ef07c7cc\" id=\"vidadeobras\" style=\"font-style:normal;font-weight:700\"><a href=\"https:\/\/edicionesdelantal.es\/en\/category\/vidadeobras-en\/\">VidadeObras<\/a><\/h2>\n\n\n\n<p style=\"line-height:1.6\">Crea-tive processes and<br>and crea-tive paths.<\/p>\n<\/div>\n\n\n\n<div style=\"height:8px\" aria-hidden=\"true\" class=\"wp-block-spacer is-style-ed_spacer_escritorio\"><\/div>\n\n\n\n<div class=\"wp-block-group is-vertical is-layout-flex wp-container-core-group-is-layout-4ec05901 wp-block-group-is-layout-flex has-background\" style=\"min-height:320px;padding-right:var(--wp--preset--spacing--20);padding-left:var(--wp--preset--spacing--20);background-image:url(&apos;https:\/\/edicionesdelantal.es\/wp-content\/uploads\/2024\/10\/eddelantal-img-colabor.jpg&apos;);background-position:94% 89%;background-repeat:no-repeat;background-size:contain;\">\n<h2 class=\"wp-block-heading has-custom-ed-yellow-600-color has-text-color has-link-color has-courier-new-font-family wp-elements-8b8d597c29e6a8c8c10a1ad0a2a7fc78\" id=\"colabor\" style=\"font-style:normal;font-weight:700\"><a href=\"https:\/\/edicionesdelantal.es\/en\/category\/colabor-en\/\">CoLabor<\/a><\/h2>\n\n\n\n<p style=\"line-height:1.6\">Multidisciplinary opinion with special<br>special guests.<\/p>\n<\/div>\n\n\n\n<div style=\"height:48px\" aria-hidden=\"true\" class=\"wp-block-spacer is-style-ed_spacer_escritorio\"><\/div>\n\n\n\n<div class=\"wp-block-group is-vertical is-layout-flex wp-container-core-group-is-layout-e2071879 wp-block-group-is-layout-flex has-background\" style=\"min-height:360px;padding-right:0;padding-left:0;background-image:url(&apos;https:\/\/edicionesdelantal.es\/wp-content\/uploads\/2024\/10\/eddelantal-img-coro-delantal.jpg&apos;);background-position:100% 47%;background-repeat:no-repeat;background-size:contain;\">\n<h2 class=\"wp-block-heading has-custom-ed-brown-800-color has-text-color has-link-color has-courier-new-font-family wp-elements-540f10beb9abf3d4cda34e590eda7fed\" id=\"delantalwork\" style=\"font-style:normal;font-weight:700\"><a href=\"https:\/\/edicionesdelantal.es\/en\/category\/delantalwork-en\/\">DelantalWork<\/a><\/h2>\n\n\n\n<p style=\"line-height:1.6\">Mischief of the<br>Apron Choir.<\/p>\n<\/div>\n<\/div>\n<\/div>\n<\/div>\n\n\n<style><\/style><style><\/style>\n<div id=\"ultimas-publicaciones\" class=\"wp-block-group has-global-padding is-layout-constrained wp-container-core-group-is-layout-907cb1d6 wp-block-group-is-layout-constrained\" style=\"padding-top:var(--wp--preset--spacing--70);padding-right:0;padding-bottom:var(--wp--preset--spacing--70);padding-left:0\">\n<h2 class=\"wp-block-heading has-text-align-center is-style-ed_encabezado_linea has-custom-ed-gray-600-color has-text-color has-link-color has-courier-new-font-family has-large-font-size wp-elements-089aefaac71ada9308c37b16f0d6e1e1\">Latest in LaVidaenM\u00fasica<\/h2>\n\n\n\n<div class=\"wp-block-group has-global-padding is-layout-constrained wp-container-core-group-is-layout-f5569525 wp-block-group-is-layout-constrained\" style=\"margin-top:0;margin-bottom:0;padding-top:var(--wp--preset--spacing--30);padding-bottom:var(--wp--preset--spacing--30)\">\n<p class=\"is-style-default\">LaVidaenM\u00fasica is a fanzine of musical thought, a place where curious beings from all over the planet meet to learn, play and co-create a world that we want to inhabit. A community formed by people who support art, beauty and culture, because it nourishes them, because they enjoy it. In our fanzine you will find articles, interviews, music lessons and art pieces. Come on in&#8230;<\/p>\n<\/div>\n\n\n\n<div class=\"wp-block-query is-style-ed_query_ultimas_lvem is-layout-flow wp-block-query-is-layout-flow\"><ul class=\"columns-4 wp-block-post-template is-layout-grid wp-container-core-post-template-is-layout-e7fd85f5 wp-block-post-template-is-layout-grid\"><li class=\"wp-block-post post-21256 post type-post status-publish format-standard has-post-thumbnail hentry category-altavoz category-altavoz-en pmpro-has-access\">\n<figure style=\"aspect-ratio:3\/2;\" class=\"wp-block-post-featured-image\"><a href=\"https:\/\/edicionesdelantal.es\/en\/2026\/04\/altavoz-2026n1\/\" target=\"_self\"  ><img loading=\"lazy\" decoding=\"async\" width=\"1200\" height=\"605\" src=\"https:\/\/edicionesdelantal.es\/wp-content\/uploads\/2024\/10\/ALTAVOZ-fanzine-logo-3.jpg\" class=\"attachment-post-thumbnail size-post-thumbnail wp-post-image\" alt=\"AltaVoz 2026#1 Springtime in New York\" style=\"width:100%;height:100%;object-fit:cover;\" srcset=\"https:\/\/edicionesdelantal.es\/wp-content\/uploads\/2024\/10\/ALTAVOZ-fanzine-logo-3.jpg 1200w, https:\/\/edicionesdelantal.es\/wp-content\/uploads\/2024\/10\/ALTAVOZ-fanzine-logo-3-300x151.jpg 300w, https:\/\/edicionesdelantal.es\/wp-content\/uploads\/2024\/10\/ALTAVOZ-fanzine-logo-3-1024x516.jpg 1024w, https:\/\/edicionesdelantal.es\/wp-content\/uploads\/2024\/10\/ALTAVOZ-fanzine-logo-3-768x387.jpg 768w, https:\/\/edicionesdelantal.es\/wp-content\/uploads\/2024\/10\/ALTAVOZ-fanzine-logo-3-416x210.jpg 416w\" sizes=\"auto, (max-width: 1200px) 100vw, 1200px\" \/><\/a><\/figure>\n\n<div style=\"text-decoration:none\" class=\"taxonomy-category wp-block-post-terms has-small-font-size\"><a href=\"https:\/\/edicionesdelantal.es\/category\/altavoz\/\" rel=\"tag\">AltaVoz<\/a><span class=\"wp-block-post-terms__separator\">, <\/span><a href=\"https:\/\/edicionesdelantal.es\/en\/category\/altavoz-en\/\" rel=\"tag\">AltaVoz<\/a><\/div>\n\n<h3 style=\"text-decoration:none; padding-top:var(--wp--preset--spacing--30);padding-bottom:var(--wp--preset--spacing--30);margin-top:0;margin-bottom:0;\" class=\"has-link-color wp-elements-5f2f70145425209a32f3ff7bbcdabf7f wp-block-post-title has-text-color has-custom-ed-gray-600-color has-medium-20-font-size has-helveticaneue-font-family\"><a href=\"https:\/\/edicionesdelantal.es\/en\/2026\/04\/altavoz-2026n1\/\" target=\"_self\" >AltaVoz 2026#1 Springtime in New York<\/a><\/h3>\n\n<div style=\"margin-top:0;margin-bottom:0;\" class=\"has-link-color wp-elements-69c0672e0fa4c35e9d51cd67e4a076b3 wp-block-post-excerpt has-small-font-size\"><p class=\"wp-block-post-excerpt__excerpt\">April 2026 \u00b7 ISSN: 3101-2590 Dear friends, I hope you\u2019re blossoming like this beautiful spring in Central Park.\u00a0I&hellip;<\/p><p class=\"wp-block-post-excerpt__more-text\"><a class=\"wp-block-post-excerpt__more-link\" href=\"https:\/\/edicionesdelantal.es\/en\/2026\/04\/altavoz-2026n1\/\">Read more<\/a><\/p><\/div>\n<\/li><li class=\"wp-block-post post-13912 post type-post status-publish format-standard has-post-thumbnail hentry category-colabor-en category-resonancia-en tag-john-zorn-en tag-new-york-city tag-the-stone-en pmpro-level-required pmpro-level-4 pmpro-level-5 pmpro-level-6 pmpro-level-7 pmpro-level-8 pmpro-level-9 pmpro-level-10 pmpro-level-11 pmpro-level-12 pmpro-level-13 pmpro-level-14 pmpro-level-15 pmpro-no-access\">\n<figure style=\"aspect-ratio:3\/2;\" class=\"wp-block-post-featured-image\"><a href=\"https:\/\/edicionesdelantal.es\/en\/2026\/03\/seresafines-john-zorn-inspiracion-genii-en\/\" target=\"_self\"  ><img loading=\"lazy\" decoding=\"async\" width=\"474\" height=\"266\" src=\"https:\/\/edicionesdelantal.es\/wp-content\/uploads\/2026\/03\/JohnZorn.webp\" class=\"attachment-post-thumbnail size-post-thumbnail wp-post-image\" alt=\"Mind-liked beings: John Zorn,  inspiration and the genii\" style=\"width:100%;height:100%;object-fit:cover;\" srcset=\"https:\/\/edicionesdelantal.es\/wp-content\/uploads\/2026\/03\/JohnZorn.webp 474w, https:\/\/edicionesdelantal.es\/wp-content\/uploads\/2026\/03\/JohnZorn-300x168.webp 300w, https:\/\/edicionesdelantal.es\/wp-content\/uploads\/2026\/03\/JohnZorn-416x233.webp 416w\" sizes=\"auto, (max-width: 474px) 100vw, 474px\" \/><\/a><\/figure>\n\n<div style=\"text-decoration:none\" class=\"taxonomy-category wp-block-post-terms has-small-font-size\"><a href=\"https:\/\/edicionesdelantal.es\/en\/category\/colabor-en\/\" rel=\"tag\">CoLabor<\/a><span class=\"wp-block-post-terms__separator\">, <\/span><a href=\"https:\/\/edicionesdelantal.es\/en\/category\/colabor-en\/resonancia-en\/\" rel=\"tag\">ReSonancia<\/a><\/div>\n\n<h3 style=\"text-decoration:none; padding-top:var(--wp--preset--spacing--30);padding-bottom:var(--wp--preset--spacing--30);margin-top:0;margin-bottom:0;\" class=\"has-link-color wp-elements-5f2f70145425209a32f3ff7bbcdabf7f wp-block-post-title has-text-color has-custom-ed-gray-600-color has-medium-20-font-size has-helveticaneue-font-family\"><a href=\"https:\/\/edicionesdelantal.es\/en\/2026\/03\/seresafines-john-zorn-inspiracion-genii-en\/\" target=\"_self\" >Mind-liked beings: John Zorn,  inspiration and the genii<\/a><\/h3>\n\n<div style=\"margin-top:0;margin-bottom:0;\" class=\"has-link-color wp-elements-69c0672e0fa4c35e9d51cd67e4a076b3 wp-block-post-excerpt has-small-font-size\"><p class=\"wp-block-post-excerpt__excerpt\">At section ReSonancia the figure of Newyorker Composer John Zorn, founder of &#8216;The Stone&#8217;, that was located at&hellip;<\/p><p class=\"wp-block-post-excerpt__more-text\"><a class=\"wp-block-post-excerpt__more-link\" href=\"https:\/\/edicionesdelantal.es\/en\/2026\/03\/seresafines-john-zorn-inspiracion-genii-en\/\">Read more<\/a><\/p><\/div>\n<\/li><li class=\"wp-block-post post-13876 post type-post status-publish format-standard has-post-thumbnail hentry category-chronicles tag-alicante-en tag-corodelantal-en tag-partituras-raras-en tag-santa-pola-en tag-sonia-megias-en pmpro-level-required pmpro-level-4 pmpro-level-5 pmpro-level-6 pmpro-level-7 pmpro-level-8 pmpro-level-10 pmpro-level-11 pmpro-level-12 pmpro-level-13 pmpro-level-14 pmpro-no-access\">\n<figure style=\"aspect-ratio:3\/2;\" class=\"wp-block-post-featured-image\"><a href=\"https:\/\/edicionesdelantal.es\/en\/2026\/03\/nadar-o-no-nadar-en\/\" target=\"_self\"  ><img loading=\"lazy\" decoding=\"async\" width=\"537\" height=\"369\" src=\"https:\/\/edicionesdelantal.es\/wp-content\/uploads\/2026\/02\/Pisci-calle-25-NY-cuadrada.jpg\" class=\"attachment-post-thumbnail size-post-thumbnail wp-post-image\" alt=\"2026&#8217;II&#8217;19 \u00b7 Swimming in New York\" style=\"width:100%;height:100%;object-fit:cover;\" srcset=\"https:\/\/edicionesdelantal.es\/wp-content\/uploads\/2026\/02\/Pisci-calle-25-NY-cuadrada.jpg 537w, https:\/\/edicionesdelantal.es\/wp-content\/uploads\/2026\/02\/Pisci-calle-25-NY-cuadrada-300x206.jpg 300w, https:\/\/edicionesdelantal.es\/wp-content\/uploads\/2026\/02\/Pisci-calle-25-NY-cuadrada-416x286.jpg 416w\" sizes=\"auto, (max-width: 537px) 100vw, 537px\" \/><\/a><\/figure>\n\n<div style=\"text-decoration:none\" class=\"taxonomy-category wp-block-post-terms has-small-font-size\"><a href=\"https:\/\/edicionesdelantal.es\/en\/category\/chronicles\/\" rel=\"tag\">Chronicles<\/a><\/div>\n\n<h3 style=\"text-decoration:none; padding-top:var(--wp--preset--spacing--30);padding-bottom:var(--wp--preset--spacing--30);margin-top:0;margin-bottom:0;\" class=\"has-link-color wp-elements-5f2f70145425209a32f3ff7bbcdabf7f wp-block-post-title has-text-color has-custom-ed-gray-600-color has-medium-20-font-size has-helveticaneue-font-family\"><a href=\"https:\/\/edicionesdelantal.es\/en\/2026\/03\/nadar-o-no-nadar-en\/\" target=\"_self\" >2026&#8217;II&#8217;19 \u00b7 Swimming in New York<\/a><\/h3>\n\n<div style=\"margin-top:0;margin-bottom:0;\" class=\"has-link-color wp-elements-69c0672e0fa4c35e9d51cd67e4a076b3 wp-block-post-excerpt has-small-font-size\"><p class=\"wp-block-post-excerpt__excerpt\">You never know what the consequences of a decision might be. Swimming in New York can be a&hellip;<\/p><p class=\"wp-block-post-excerpt__more-text\"><a class=\"wp-block-post-excerpt__more-link\" href=\"https:\/\/edicionesdelantal.es\/en\/2026\/03\/nadar-o-no-nadar-en\/\">Read more<\/a><\/p><\/div>\n<\/li><li class=\"wp-block-post post-13874 post type-post status-publish format-standard has-post-thumbnail hentry category-chronicles tag-alicante-en tag-corodelantal-en tag-partituras-raras-en tag-santa-pola-en tag-sonia-megias-en pmpro-level-required pmpro-level-4 pmpro-level-5 pmpro-level-6 pmpro-level-7 pmpro-level-8 pmpro-level-10 pmpro-level-11 pmpro-level-12 pmpro-level-13 pmpro-level-14 pmpro-no-access\">\n<figure style=\"aspect-ratio:3\/2;\" class=\"wp-block-post-featured-image\"><a href=\"https:\/\/edicionesdelantal.es\/en\/2026\/03\/la-nieve-y-la-bondad-en\/\" target=\"_self\"  ><img loading=\"lazy\" decoding=\"async\" width=\"1562\" height=\"924\" src=\"https:\/\/edicionesdelantal.es\/wp-content\/uploads\/2026\/02\/IMG_7057-scaled-e1773684136169.jpg\" class=\"attachment-post-thumbnail size-post-thumbnail wp-post-image\" alt=\"2026&#8217;II&#8217;23 \u00b7 Snow and Kindness\" style=\"width:100%;height:100%;object-fit:cover;\" srcset=\"https:\/\/edicionesdelantal.es\/wp-content\/uploads\/2026\/02\/IMG_7057-scaled-e1773684136169.jpg 1562w, https:\/\/edicionesdelantal.es\/wp-content\/uploads\/2026\/02\/IMG_7057-scaled-e1773684136169-300x177.jpg 300w, https:\/\/edicionesdelantal.es\/wp-content\/uploads\/2026\/02\/IMG_7057-scaled-e1773684136169-1024x606.jpg 1024w, https:\/\/edicionesdelantal.es\/wp-content\/uploads\/2026\/02\/IMG_7057-scaled-e1773684136169-768x454.jpg 768w, https:\/\/edicionesdelantal.es\/wp-content\/uploads\/2026\/02\/IMG_7057-scaled-e1773684136169-1536x909.jpg 1536w, https:\/\/edicionesdelantal.es\/wp-content\/uploads\/2026\/02\/IMG_7057-scaled-e1773684136169-416x246.jpg 416w\" sizes=\"auto, (max-width: 1562px) 100vw, 1562px\" \/><\/a><\/figure>\n\n<div style=\"text-decoration:none\" class=\"taxonomy-category wp-block-post-terms has-small-font-size\"><a href=\"https:\/\/edicionesdelantal.es\/en\/category\/chronicles\/\" rel=\"tag\">Chronicles<\/a><\/div>\n\n<h3 style=\"text-decoration:none; padding-top:var(--wp--preset--spacing--30);padding-bottom:var(--wp--preset--spacing--30);margin-top:0;margin-bottom:0;\" class=\"has-link-color wp-elements-5f2f70145425209a32f3ff7bbcdabf7f wp-block-post-title has-text-color has-custom-ed-gray-600-color has-medium-20-font-size has-helveticaneue-font-family\"><a href=\"https:\/\/edicionesdelantal.es\/en\/2026\/03\/la-nieve-y-la-bondad-en\/\" target=\"_self\" >2026&#8217;II&#8217;23 \u00b7 Snow and Kindness<\/a><\/h3>\n\n<div style=\"margin-top:0;margin-bottom:0;\" class=\"has-link-color wp-elements-69c0672e0fa4c35e9d51cd67e4a076b3 wp-block-post-excerpt has-small-font-size\"><p class=\"wp-block-post-excerpt__excerpt\">In a society that give &#8220;the power&#8221; to the most evil beings imaginable, and where &#8220;politics&#8221; does not&hellip;<\/p><p class=\"wp-block-post-excerpt__more-text\"><a class=\"wp-block-post-excerpt__more-link\" href=\"https:\/\/edicionesdelantal.es\/en\/2026\/03\/la-nieve-y-la-bondad-en\/\">Read more<\/a><\/p><\/div>\n<\/li><\/ul><\/div>\n\n\n\n<div class=\"wp-block-buttons is-content-justification-center is-layout-flex wp-container-core-buttons-is-layout-a89b3969 wp-block-buttons-is-layout-flex\">\n<div class=\"wp-block-button\"><a class=\"wp-block-button__link wp-element-button\" href=\"https:\/\/edicionesdelantal.es\/en\/subscription-account\/subscription-levels\/\">Join LaVidaenM\u00fasica!<\/a><\/div>\n<\/div>\n<\/div>\n\n\n<style><\/style>","protected":false},"excerpt":{"rendered":"<p>LaVidaenM\u00fasica community of musical thought LaVidaenM\u00fasica es una comunidad de pensamiento musical, un lugar donde seres curiosos de todo el planeta se re\u00fanen para aprender, tocar y cocrear un mundo [&hellip;]<\/p>\n","protected":false},"author":35,"featured_media":0,"parent":0,"menu_order":2,"comment_status":"closed","ping_status":"closed","template":"page-home-lvem.php","meta":{"_gspb_post_css":"","pmpro_default_level":"","_uag_custom_page_level_css":"","footnotes":""},"class_list":["post-9137","page","type-page","status-publish","hentry","pmpro-has-access"],"acf":[],"yoast_head":"<!-- This site is optimized with the Yoast SEO plugin v27.4 - https:\/\/yoast.com\/product\/yoast-seo-wordpress\/ -->\n<title>LaVidaenM\u00fasica - EdicionesDelantal<\/title>\n<meta name=\"robots\" content=\"index, follow, max-snippet:-1, max-image-preview:large, max-video-preview:-1\" \/>\n<link rel=\"canonical\" href=\"https:\/\/edicionesdelantal.es\/en\/lavidaenmusica\/\" \/>\n<meta name=\"twitter:label1\" content=\"Est. reading time\" \/>\n\t<meta name=\"twitter:data1\" content=\"1 minute\" \/>\n<script type=\"application\/ld+json\" class=\"yoast-schema-graph\">{\"@context\":\"https:\\\/\\\/schema.org\",\"@graph\":[{\"@type\":\"WebPage\",\"@id\":\"https:\\\/\\\/edicionesdelantal.es\\\/en\\\/lavidaenmusica\\\/\",\"url\":\"https:\\\/\\\/edicionesdelantal.es\\\/en\\\/lavidaenmusica\\\/\",\"name\":\"LaVidaenM\u00fasica - EdicionesDelantal\",\"isPartOf\":{\"@id\":\"https:\\\/\\\/edicionesdelantal.es\\\/#website\"},\"datePublished\":\"2023-11-10T13:16:26+00:00\",\"dateModified\":\"2026-04-27T10:58:42+00:00\",\"breadcrumb\":{\"@id\":\"https:\\\/\\\/edicionesdelantal.es\\\/en\\\/lavidaenmusica\\\/#breadcrumb\"},\"inLanguage\":\"en-US\",\"potentialAction\":[{\"@type\":\"ReadAction\",\"target\":[\"https:\\\/\\\/edicionesdelantal.es\\\/en\\\/lavidaenmusica\\\/\"]}]},{\"@type\":\"BreadcrumbList\",\"@id\":\"https:\\\/\\\/edicionesdelantal.es\\\/en\\\/lavidaenmusica\\\/#breadcrumb\",\"itemListElement\":[{\"@type\":\"ListItem\",\"position\":1,\"name\":\"Portada\",\"item\":\"https:\\\/\\\/edicionesdelantal.es\\\/en\\\/home\\\/\"},{\"@type\":\"ListItem\",\"position\":2,\"name\":\"LaVidaenM\u00fasica\"}]},{\"@type\":\"WebSite\",\"@id\":\"https:\\\/\\\/edicionesdelantal.es\\\/#website\",\"url\":\"https:\\\/\\\/edicionesdelantal.es\\\/\",\"name\":\"EdicionesDelantal\",\"description\":\"Composer Sonia Meg\u00edas&#039; publishing company\",\"publisher\":{\"@id\":\"https:\\\/\\\/edicionesdelantal.es\\\/#organization\"},\"potentialAction\":[{\"@type\":\"SearchAction\",\"target\":{\"@type\":\"EntryPoint\",\"urlTemplate\":\"https:\\\/\\\/edicionesdelantal.es\\\/?s={search_term_string}\"},\"query-input\":{\"@type\":\"PropertyValueSpecification\",\"valueRequired\":true,\"valueName\":\"search_term_string\"}}],\"inLanguage\":\"en-US\"},{\"@type\":\"Organization\",\"@id\":\"https:\\\/\\\/edicionesdelantal.es\\\/#organization\",\"name\":\"EdicionesDelantal\",\"url\":\"https:\\\/\\\/edicionesdelantal.es\\\/\",\"logo\":{\"@type\":\"ImageObject\",\"inLanguage\":\"en-US\",\"@id\":\"https:\\\/\\\/edicionesdelantal.es\\\/#\\\/schema\\\/logo\\\/image\\\/\",\"url\":\"https:\\\/\\\/edicionesdelantal.es\\\/wp-content\\\/uploads\\\/2017\\\/11\\\/a-EdicionesDelantal_LOGOCUADRADO.jpg\",\"contentUrl\":\"https:\\\/\\\/edicionesdelantal.es\\\/wp-content\\\/uploads\\\/2017\\\/11\\\/a-EdicionesDelantal_LOGOCUADRADO.jpg\",\"width\":948,\"height\":948,\"caption\":\"EdicionesDelantal\"},\"image\":{\"@id\":\"https:\\\/\\\/edicionesdelantal.es\\\/#\\\/schema\\\/logo\\\/image\\\/\"}}]}<\/script>\n<!-- \/ Yoast SEO plugin. -->","yoast_head_json":{"title":"LaVidaenM\u00fasica - EdicionesDelantal","robots":{"index":"index","follow":"follow","max-snippet":"max-snippet:-1","max-image-preview":"max-image-preview:large","max-video-preview":"max-video-preview:-1"},"canonical":"https:\/\/edicionesdelantal.es\/en\/lavidaenmusica\/","twitter_misc":{"Est. reading time":"1 minute"},"schema":{"@context":"https:\/\/schema.org","@graph":[{"@type":"WebPage","@id":"https:\/\/edicionesdelantal.es\/en\/lavidaenmusica\/","url":"https:\/\/edicionesdelantal.es\/en\/lavidaenmusica\/","name":"LaVidaenM\u00fasica - EdicionesDelantal","isPartOf":{"@id":"https:\/\/edicionesdelantal.es\/#website"},"datePublished":"2023-11-10T13:16:26+00:00","dateModified":"2026-04-27T10:58:42+00:00","breadcrumb":{"@id":"https:\/\/edicionesdelantal.es\/en\/lavidaenmusica\/#breadcrumb"},"inLanguage":"en-US","potentialAction":[{"@type":"ReadAction","target":["https:\/\/edicionesdelantal.es\/en\/lavidaenmusica\/"]}]},{"@type":"BreadcrumbList","@id":"https:\/\/edicionesdelantal.es\/en\/lavidaenmusica\/#breadcrumb","itemListElement":[{"@type":"ListItem","position":1,"name":"Portada","item":"https:\/\/edicionesdelantal.es\/en\/home\/"},{"@type":"ListItem","position":2,"name":"LaVidaenM\u00fasica"}]},{"@type":"WebSite","@id":"https:\/\/edicionesdelantal.es\/#website","url":"https:\/\/edicionesdelantal.es\/","name":"EdicionesDelantal","description":"Composer Sonia Meg\u00edas&#039; publishing company","publisher":{"@id":"https:\/\/edicionesdelantal.es\/#organization"},"potentialAction":[{"@type":"SearchAction","target":{"@type":"EntryPoint","urlTemplate":"https:\/\/edicionesdelantal.es\/?s={search_term_string}"},"query-input":{"@type":"PropertyValueSpecification","valueRequired":true,"valueName":"search_term_string"}}],"inLanguage":"en-US"},{"@type":"Organization","@id":"https:\/\/edicionesdelantal.es\/#organization","name":"EdicionesDelantal","url":"https:\/\/edicionesdelantal.es\/","logo":{"@type":"ImageObject","inLanguage":"en-US","@id":"https:\/\/edicionesdelantal.es\/#\/schema\/logo\/image\/","url":"https:\/\/edicionesdelantal.es\/wp-content\/uploads\/2017\/11\/a-EdicionesDelantal_LOGOCUADRADO.jpg","contentUrl":"https:\/\/edicionesdelantal.es\/wp-content\/uploads\/2017\/11\/a-EdicionesDelantal_LOGOCUADRADO.jpg","width":948,"height":948,"caption":"EdicionesDelantal"},"image":{"@id":"https:\/\/edicionesdelantal.es\/#\/schema\/logo\/image\/"}}]}},"uagb_featured_image_src":{"full":false,"thumbnail":false,"medium":false,"medium_large":false,"large":false,"1536x1536":false,"2048x2048":false,"woocommerce_thumbnail":false,"woocommerce_single":false,"woocommerce_gallery_thumbnail":false},"uagb_author_info":{"display_name":"Primo Pablo","author_link":"https:\/\/edicionesdelantal.es\/en\/author\/adminpau\/"},"uagb_comment_info":0,"uagb_excerpt":"LaVidaenM\u00fasica community of musical thought LaVidaenM\u00fasica es una comunidad de pensamiento musical, un lugar donde seres curiosos de todo el planeta se re\u00fanen para aprender, tocar y cocrear un mundo [&hellip;]","jetpack_sharing_enabled":true,"_links":{"self":[{"href":"https:\/\/edicionesdelantal.es\/en\/wp-json\/wp\/v2\/pages\/9137","targetHints":{"allow":["GET"]}}],"collection":[{"href":"https:\/\/edicionesdelantal.es\/en\/wp-json\/wp\/v2\/pages"}],"about":[{"href":"https:\/\/edicionesdelantal.es\/en\/wp-json\/wp\/v2\/types\/page"}],"author":[{"embeddable":true,"href":"https:\/\/edicionesdelantal.es\/en\/wp-json\/wp\/v2\/users\/35"}],"replies":[{"embeddable":true,"href":"https:\/\/edicionesdelantal.es\/en\/wp-json\/wp\/v2\/comments?post=9137"}],"version-history":[{"count":11,"href":"https:\/\/edicionesdelantal.es\/en\/wp-json\/wp\/v2\/pages\/9137\/revisions"}],"predecessor-version":[{"id":21386,"href":"https:\/\/edicionesdelantal.es\/en\/wp-json\/wp\/v2\/pages\/9137\/revisions\/21386"}],"wp:attachment":[{"href":"https:\/\/edicionesdelantal.es\/en\/wp-json\/wp\/v2\/media?parent=9137"}],"curies":[{"name":"wp","href":"https:\/\/api.w.org\/{rel}","templated":true}]}}